{"id":23572,"date":"2025-01-27T07:03:36","date_gmt":"2025-01-27T05:03:36","guid":{"rendered":"https:\/\/filtri.fi\/integritetspolicy\/"},"modified":"2026-01-26T15:19:38","modified_gmt":"2026-01-26T13:19:38","slug":"integritetspolicy","status":"publish","type":"page","link":"https:\/\/filtri.fi\/sv\/integritetspolicy\/","title":{"rendered":"Integritetspolicy"},"content":{"rendered":"\n<h3 class=\"wp-block-heading\">Vilken information samlar vi in om dig och varf\u00f6r anv\u00e4nder vi den?<\/h3>\n\n<p>Denna integritetspolicy f\u00f6rklarar vilken information vi samlar in om dig n\u00e4r du bes\u00f6ker denna webbutik, hur vi anv\u00e4nder denna information, hur l\u00e4nge vi lagrar den och till vem vi kan l\u00e4mna ut den. Den inneh\u00e5ller ocks\u00e5 viktig information om dina r\u00e4ttigheter n\u00e4r det g\u00e4ller behandlingen av dina personuppgifter. Personuppgiftsansvarig f\u00f6r dina personuppgifter \u00e4r Filtr\u0173 pasaulis UAB, organisationsnummer 306224976, med s\u00e4te p\u00e5 Sedul\u0173 g. 2, Buki\u0161kis, 14183, Litauen.   <\/p>\n\n<p>Vi samlar in och behandlar dina personuppgifter f\u00f6r att tillhandah\u00e5lla v\u00e5ra produkter och tj\u00e4nster, f\u00f6rb\u00e4ttra din surf- och shoppingupplevelse, kommunicera med dig och uppfylla v\u00e5ra r\u00e4ttsliga skyldigheter.<\/p>\n\n<p>Vi behandlar dina personuppgifter i enlighet med den allm\u00e4nna dataskyddsf\u00f6rordningen (EU) 2016\/679 (nedan kallad \"f\u00f6rordningen\"), lagen om r\u00e4ttsligt skydd av personuppgifter i Republiken Litauen och andra till\u00e4mpliga r\u00e4ttsakter som reglerar behandlingen av personuppgifter. De termer som anv\u00e4nds i denna integritetspolicy har de betydelser som definieras i f\u00f6rordningen. <\/p>\n\n<p>Personer under 14 \u00e5r f\u00e5r inte l\u00e4mna n\u00e5gra personuppgifter p\u00e5 v\u00e5r webbplats. Om du \u00e4r under 14 \u00e5r m\u00e5ste du inh\u00e4mta samtycke fr\u00e5n dina f\u00f6r\u00e4ldrar eller andra juridiska f\u00f6retr\u00e4dare (v\u00e5rdnadshavare eller f\u00f6rmyndare) innan du l\u00e4mnar n\u00e5gra personuppgifter p\u00e5 v\u00e5r webbplats. <\/p>\n\n<h3 class=\"wp-block-heading\">Statistik \u00f6ver webbplatsens surfning<\/h3>\n\n<p>Vi arbetar kontinuerligt med att f\u00f6rb\u00e4ttra v\u00e5r webbplats och str\u00e4var efter att g\u00f6ra det s\u00e5 enkelt och bekv\u00e4mt som m\u00f6jligt att anv\u00e4nda v\u00e5r webbutik. F\u00f6r att uppn\u00e5 detta analyserar vi vilken information som \u00e4r av st\u00f6rst intresse f\u00f6r v\u00e5ra bes\u00f6kare, fr\u00e5n vilka platser v\u00e5r webbplats n\u00e5s, hur ofta bes\u00f6karna \u00e5terv\u00e4nder, vilka webbl\u00e4sare de anv\u00e4nder, vilket inneh\u00e5ll de engagerar sig i och p\u00e5 vilka enheter v\u00e5r webbplats visas. <\/p>\n\n<p>Dessa uppgifter samlas in med hj\u00e4lp av Google Analytics-verktyg, som g\u00f6r det m\u00f6jligt f\u00f6r oss att registrera och analysera hur bes\u00f6kare interagerar med v\u00e5r webbplats.<\/p>\n\n<p>Om du f\u00f6redrar att Google Analytics inte samlar in information om dina surfaktiviteter kan du installera webbl\u00e4sartill\u00e4gget Google Analytics opt-out.<\/p>\n\n<p>Den r\u00e4ttsliga grunden f\u00f6r behandlingen av denna information \u00e4r v\u00e5rt ber\u00e4ttigade intresse av att f\u00f6rb\u00e4ttra webbutikens tillg\u00e4nglighet och anv\u00e4ndbarhet samt relevansen av v\u00e5r kommersiella information (artikel 6.1 f i f\u00f6rordningen).<\/p>\n\n<h3 class=\"wp-block-heading\">Kakor<\/h3>\n\n<p>F\u00f6r att s\u00e4kerst\u00e4lla att v\u00e5r webbplats fungerar korrekt lagrar vi sm\u00e5 datafiler som kallas cookies p\u00e5 din enhet. De flesta webbplatser anv\u00e4nder cookies f\u00f6r liknande \u00e4ndam\u00e5l. <\/p>\n\n<h4 class=\"wp-block-heading\"><strong>Vad \u00e4r cookies?<\/strong><\/h4>\n\n<p>Cookies \u00e4r sm\u00e5 textfiler som placeras p\u00e5 din enhet n\u00e4r du bes\u00f6ker en webbplats. De g\u00f6r det m\u00f6jligt f\u00f6r webbplatsen att \"komma ih\u00e5g\" dina \u00e5tg\u00e4rder och preferenser (t.ex. inloggningsuppgifter, spr\u00e5k, teckenstorlek och andra visningsinst\u00e4llningar) under en viss period, s\u00e5 att du inte beh\u00f6ver ange dem p\u00e5 nytt varje g\u00e5ng du bes\u00f6ker eller navigerar mellan sidor. Cookies hj\u00e4lper oss ocks\u00e5 att samla in statistisk information om trafiken p\u00e5 webbplatsen.  <\/p>\n\n<p>Cookies lagras endast efter att du har bekr\u00e4ftat ditt samtycke via popup-meddelandet p\u00e5 v\u00e5r webbplats, med undantag f\u00f6r cookies som \u00e4r absolut n\u00f6dv\u00e4ndiga f\u00f6r att tillhandah\u00e5lla v\u00e5ra tj\u00e4nster.<\/p>\n\n<h3 class=\"wp-block-heading\">Varf\u00f6r anv\u00e4nder vi cookies?<\/h3>\n\n<p>V\u00e5r webbplats anv\u00e4nder cookies f\u00f6r att:<\/p>\n\n<ul class=\"wp-block-list\">\n<li>K\u00e4nna igen \u00e5terkommande bes\u00f6kare;<\/li>\n\n\n\n<li>Fastst\u00e4lla om du har samtyckt till cookies;<\/li>\n\n\n\n<li>Ange en lista \u00f6ver de produkter du har tittat p\u00e5;<\/li>\n\n\n\n<li>Skr\u00e4ddarsy onlineannonsering baserat p\u00e5 din surfhistorik;<\/li>\n\n\n\n<li>Samla in trafikstatistik f\u00f6r webbplatsen;<\/li>\n\n\n\n<li>Kom ih\u00e5g de val du har gjort som anv\u00e4ndare av Googles tj\u00e4nster.<\/li>\n<\/ul>\n\n<p>Den r\u00e4ttsliga grunden f\u00f6r anv\u00e4ndningen av cookies \u00e4r v\u00e5rt ber\u00e4ttigade intresse av att s\u00e4kerst\u00e4lla webbplatsens tekniska funktionalitet, t.ex. driften av kundvagnen, och, i de fall cookies anv\u00e4nds f\u00f6r att komma ih\u00e5g dina preferenser, samla in statistik eller tillhandah\u00e5lla skr\u00e4ddarsydda annonser, ditt samtycke.<\/p>\n\n<h3 class=\"wp-block-heading\">Direktmarknadsf\u00f6ring och reklam<\/h3>\n\n<p>D\u00e5 och d\u00e5 kan vi skicka nyheter eller erbjudanden till dig om du har gett ditt samtycke genom att:<\/p>\n\n<ul class=\"wp-block-list\">\n<li>registrera sig eller g\u00f6ra ett k\u00f6p p\u00e5 webbplatsen,<\/li>\n\n\n\n<li>prenumerera p\u00e5 v\u00e5rt nyhetsbrev, eller<\/li>\n\n\n\n<li>registrera sig f\u00f6r en kampanj, t\u00e4vling eller annan rabatt eller f\u00f6rm\u00e5n.<\/li>\n<\/ul>\n\n<p>Vi kan ocks\u00e5 komma att leverera reklammeddelanden direkt via den webbl\u00e4sare du anv\u00e4nder, f\u00f6rutsatt att du har samtyckt till detta.<\/p>\n\n<p>Den r\u00e4ttsliga grunden f\u00f6r att skicka dessa meddelanden \u00e4r ditt samtycke (artikel 6.1 a i f\u00f6rordningen). Du har r\u00e4tt att n\u00e4r som helst v\u00e4lja att inte ta emot direktmarknadsf\u00f6ringsmeddelanden genom att klicka p\u00e5 l\u00e4nken f\u00f6r avregistrering i e-postmeddelandet, skicka ett avregistreringsmeddelande via SMS eller hantera dina inst\u00e4llningar i dina kontoinst\u00e4llningar. <\/p>\n\n<p>Dina uppgifter kommer att behandlas f\u00f6r direktmarknadsf\u00f6rings\u00e4ndam\u00e5l under en period av fem \u00e5r fr\u00e5n dagen f\u00f6r ditt samtycke eller din senaste interaktion med oss. Efter denna period, eller om du \u00e5terkallar ditt samtycke, kommer dina uppgifter omedelbart att raderas eller inte l\u00e4ngre anv\u00e4ndas f\u00f6r direktmarknadsf\u00f6ring. <\/p>\n\n<h3 class=\"wp-block-heading\">Tillhandah\u00e5lla personligt anpassade erbjudanden<\/h3>\n\n<p>Vi anv\u00e4nder de uppgifter som du l\u00e4mnar i ditt konto och din k\u00f6phistorik f\u00f6r att bed\u00f6ma dina behov och intressen i syfte att erbjuda dig rabatter p\u00e5 produkter som kan vara mer relevanta f\u00f6r dig. Denna bed\u00f6mning, \u00e4ven kallad profilering, sker automatiskt. Vi skapar kundprofiler genom att analysera demografiska attribut och shoppingtrender. Om du t.ex. har k\u00f6pt ett filter p\u00e5 webbplatsen kan vi inkludera dig i en kundgrupp f\u00f6r att f\u00e5 information om kampanjer f\u00f6r filtertillbeh\u00f6r eller reservdelar.     <\/p>\n\n<p>Vi kommer endast att anv\u00e4nda dina uppgifter f\u00f6r att tillhandah\u00e5lla personliga erbjudanden om du inte har inv\u00e4nt mot detta, till exempel n\u00e4r du registrerar dig eller g\u00f6r ett k\u00f6p p\u00e5 webbplatsen.<\/p>\n\n<p>Den r\u00e4ttsliga grunden f\u00f6r behandlingen av dina uppgifter f\u00f6r profilerings\u00e4ndam\u00e5l \u00e4r v\u00e5rt ber\u00e4ttigade intresse av att anpassa v\u00e5ra tj\u00e4nster s\u00e5 n\u00e4ra v\u00e5ra kunders behov som m\u00f6jligt och f\u00f6rb\u00e4ttra v\u00e5r aff\u00e4rseffektivitet (artikel 6.1 f i f\u00f6rordningen). Du har r\u00e4tt att n\u00e4r som helst inv\u00e4nda mot behandlingen av dina uppgifter f\u00f6r profilerings\u00e4ndam\u00e5l genom att hantera dina kontoinst\u00e4llningar. <\/p>\n\n<h3 class=\"wp-block-heading\">Uppgifter om personer som f\u00e5r information om varor och tj\u00e4nster<\/h3>\n\n<p>N\u00e4r du kontaktar oss f\u00f6r information eller registrerar dig f\u00f6r en telefon- eller videokonsultation behandlar vi dina uppgifter, s\u00e5som ditt namn, anv\u00e4ndarnamn, telefonnummer, e-postadress, namn, antal och priser p\u00e5 de produkter du \u00e4r intresserad av, samt ljudinspelningar av telefonkonsultationen, tidpunkten f\u00f6r och varaktigheten av konsultationen och inneh\u00e5llet i de meddelanden som l\u00e4mnas under konsultationen.<\/p>\n\n<p>Den r\u00e4ttsliga grunden f\u00f6r behandlingen av dina uppgifter f\u00f6r att tillhandah\u00e5lla konsultationstj\u00e4nsten \u00e4r fullg\u00f6randet av ett avtal (artikel 6.1 b i f\u00f6rordningen). Behandlingen av ljudinspelningen av konsultationssamtalet grundar sig p\u00e5 ditt samtycke (artikel 6.1 a i f\u00f6rordningen).<\/p>\n\n<p>Vi lagrar de uppgifter som behandlas f\u00f6r detta \u00e4ndam\u00e5l i 24 m\u00e5nader efter konsultationsdatumet, s\u00e5vida inte en l\u00e4ngre lagringsperiod kr\u00e4vs f\u00f6r att uppfylla r\u00e4ttsliga skyldigheter, s\u00e5som f\u00f6rel\u00e4gganden fr\u00e5n offentliga myndigheter eller deltagande i r\u00e4ttsliga f\u00f6rfaranden.<\/p>\n\n<h3 class=\"wp-block-heading\">Kunddata<\/h3>\n\n<p>N\u00e4r du har skapat ett konto behandlar vi dina kontakt- och best\u00e4llningsuppgifter n\u00e4r du best\u00e4ller och k\u00f6per varor p\u00e5 webbplatsen. Detta inkluderar ditt namn, efternamn, adress, telefonnummer, e-postadress, produktnamn, kvantiteter, priser, betalningsuppgifter, upph\u00e4mtningsst\u00e4lle, orderuppfyllelse, returer, f\u00f6delsedatum om det kr\u00e4vs f\u00f6r produktgarantin, samt uppgifter om eventuella representerade juridiska personer eller faktureringsuppgifter. Vi anv\u00e4nder ocks\u00e5 din e-postadress f\u00f6r att p\u00e5minna dig om varor som ligger kvar i din varukorg och p\u00e5g\u00e5ende best\u00e4llningar. Den r\u00e4ttsliga grunden f\u00f6r behandlingen av dina uppgifter \u00e4r ing\u00e5endet och fullg\u00f6randet av ett k\u00f6peavtal mellan dig och oss (artikel 6.1 b i f\u00f6rordningen). Du kan f\u00e5 mer information om \u00e4ndam\u00e5len med och omfattningen av databehandlingen vid k\u00f6ptillf\u00e4llet.    <\/p>\n\n<p>Vi lagrar de uppgifter som behandlas f\u00f6r detta \u00e4ndam\u00e5l i upp till 10 \u00e5r fr\u00e5n ink\u00f6psdatumet, s\u00e5vida inte en l\u00e4ngre lagringstid kr\u00e4vs f\u00f6r att uppfylla r\u00e4ttsliga skyldigheter, till exempel f\u00f6rel\u00e4gganden fr\u00e5n offentliga myndigheter eller inblandning i r\u00e4ttsliga f\u00f6rfaranden.<\/p>\n\n<h3 class=\"wp-block-heading\">Vem har tillg\u00e5ng till dina uppgifter?<\/h3>\n\n<p>Vi h\u00e5ller dina uppgifter s\u00e4kra hela tiden och kr\u00e4ver att alla v\u00e5ra partners och tj\u00e4nsteleverant\u00f6rer som har tillg\u00e5ng till dina uppgifter s\u00e4kerst\u00e4ller samma skyddsniv\u00e5.<\/p>\n\n<p>Dina uppgifter kan endast ses n\u00e4r det \u00e4r absolut n\u00f6dv\u00e4ndigt och endast av auktoriserade personer som har \u00e5tagit sig sekretess, inklusive:<\/p>\n\n<ul class=\"wp-block-list\">\n<li>Filtr\u0173 pasaulis UAB:s personal ansvarar f\u00f6r att uppr\u00e4tth\u00e5lla driften och inneh\u00e5llet p\u00e5 webbplatsen;<\/li>\n\n\n\n<li>Leverant\u00f6rer av system f\u00f6r hantering av webbplatsinneh\u00e5ll, webbhotellstj\u00e4nster och telekommunikationsapplikationer;<\/li>\n\n\n\n<li>Google LLC (USA), leverant\u00f6r av tj\u00e4nster f\u00f6r webbplatsanalys, i den utstr\u00e4ckning det \u00e4r n\u00f6dv\u00e4ndigt f\u00f6r webbplatsanalys\u00e4ndam\u00e5l. \u00d6verf\u00f6ringen av analysdata omfattas \u00e4ven av avtalsenliga dataskyddsf\u00f6rpliktelser; <\/li>\n\n\n\n<li>Leverant\u00f6rer av tj\u00e4nster f\u00f6r marknadsf\u00f6ring av webbplatsinneh\u00e5ll och \u00f6vervakning av reklamkampanjer, i den utstr\u00e4ckning det \u00e4r n\u00f6dv\u00e4ndigt f\u00f6r reklam- och marknadsf\u00f6rings\u00e4ndam\u00e5l;<\/li>\n\n\n\n<li>Om du har l\u00e4mnat personuppgifter f\u00f6r att f\u00e5 ett personligt kommersiellt erbjudande kan dina uppgifter n\u00e5s av den Filtr\u0173 pasaulis UAB-anst\u00e4llda som tillhandah\u00f6ll erbjudandet, liksom av andra anst\u00e4llda och tj\u00e4nsteleverant\u00f6rer som hanterar systemet f\u00f6r personliga erbjudanden.<\/li>\n<\/ul>\n\n<p>Cookies f\u00f6r skr\u00e4ddarsydd onlineannonsering kan st\u00e4llas in och n\u00e5s av f\u00f6ljande tj\u00e4nsteleverant\u00f6rer:<\/p>\n\n<ul class=\"wp-block-list\">\n<li>Facebook, Inc.<\/li>\n\n\n\n<li>Google LLC<\/li>\n<\/ul>\n\n<p>Vi s\u00e4ljer inte dina uppgifter under n\u00e5gra omst\u00e4ndigheter.<\/p>\n\n<h3 class=\"wp-block-heading\">Hur l\u00e4nge sparar vi din information?<\/h3>\n\n<p>Vi behandlar dina uppgifter endast s\u00e5 l\u00e4nge som det \u00e4r n\u00f6dv\u00e4ndigt f\u00f6r att uppfylla de syften f\u00f6r vilka de samlades in eller s\u00e5 l\u00e4nge som kr\u00e4vs enligt lag. Lagringsperioderna f\u00f6r personuppgifter anges i denna integritetspolicy. <\/p>\n\n<p>Statistisk information som samlas in via Google Analytics och andra cookies sparas i allm\u00e4nhet i upp till tre \u00e5r. Eftersom en del av dessa uppgifter endast kan raderas av v\u00e5ra partners, best\u00e4mmer de ocks\u00e5 lagringsperioderna. <\/p>\n\n<p>Cookies ligger vanligtvis kvar p\u00e5 din enhet i upp till tv\u00e5 \u00e5r.<\/p>\n\n<h3 class=\"wp-block-heading\">Hur kan du f\u00e5 tillg\u00e5ng till dina uppgifter? Vilka r\u00e4ttigheter har du? <\/h3>\n\n<p>Om du vill veta vilka uppgifter vi har samlat in om dig kan du kontakta oss genom att skriva ett e-postmeddelande som finns p\u00e5 sidan Kontakta oss. Du kan ocks\u00e5 anv\u00e4nda denna adress f\u00f6r att beg\u00e4ra r\u00e4ttelse, radering, begr\u00e4nsning av behandling, \u00e5terkallande av samtycke, inv\u00e4ndning mot behandling som grundar sig p\u00e5 v\u00e5ra ber\u00e4ttigade intressen, inv\u00e4ndning mot behandling f\u00f6r direktmarknadsf\u00f6ring eller f\u00f6r att ut\u00f6va r\u00e4tten till dataportabilitet, i till\u00e4mpliga fall. <\/p>\n\n<p>N\u00e4r vi tar emot din beg\u00e4ran \u00e4r vi skyldiga att verifiera din identitet. F\u00f6r detta \u00e4ndam\u00e5l kan vi be dig att uppge ditt namn, efternamn, e-postadress eller telefonnummer f\u00f6r att s\u00e4kerst\u00e4lla att de uppgifter du l\u00e4mnar st\u00e4mmer \u00f6verens med v\u00e5ra register. <\/p>\n\n<p>Vi kommer att besvara din beg\u00e4ran inom en kalenderm\u00e5nad fr\u00e5n det att vi mottagit den, med h\u00e4nsyn tagen till komplexiteten och antalet f\u00f6rfr\u00e5gningar. Vi kan f\u00f6rl\u00e4nga denna period med ytterligare tv\u00e5 m\u00e5nader om det beh\u00f6vs, men vi kommer d\u00e5 att informera dig om f\u00f6rl\u00e4ngningen och sk\u00e4len till den f\u00f6re utg\u00e5ngen av den f\u00f6rsta m\u00e5naden. <\/p>\n\n<p>Om du skickar in din beg\u00e4ran elektroniskt kommer vi att svara p\u00e5 elektronisk v\u00e4g om detta inte \u00e4r om\u00f6jligt (t.ex. p\u00e5 grund av den stora m\u00e4ngden information) eller om du beg\u00e4r en annan kommunikationsmetod.<\/p>\n\n<h3 class=\"wp-block-heading\">Hur kontrollerar jag cookies?<\/h3>\n\n<p>Du kan kontrollera och radera cookies om du vill. F\u00f6r mer information, bes\u00f6k aboutcookies.org eller allaboutcookies.org. Du kan radera cookies som redan finns lagrade p\u00e5 din enhet, och de flesta webbl\u00e4sare till\u00e5ter dig att blockera cookies fr\u00e5n att sparas. Observera dock att om du g\u00f6r detta kan du beh\u00f6va justera vissa inst\u00e4llningar manuellt varje g\u00e5ng du bes\u00f6ker webbplatsen, och vissa tj\u00e4nster eller funktioner kanske inte fungerar som de ska.   <\/p>\n\n<p>V\u00e5ra leverant\u00f6rer av reklamtj\u00e4nster och m\u00e5nga reklamf\u00f6retag deltar i European Interactive Digital Advertising Alliance, som m\u00f6jligg\u00f6r centraliserad hantering av cookiepreferenser hos m\u00e5nga av sina medlemmar.<\/p>\n\n<h3 class=\"wp-block-heading\">F\u00f6r\u00e4ndringar i policy<\/h3>\n\n<p>Denna policy kan komma att \u00e4ndras n\u00e4r som helst. Om \u00e4ndringar g\u00f6rs kommer vi att meddela dig p\u00e5 v\u00e5r sida om integritetspolicy, d\u00e4r du alltid kan hitta den mest aktuella versionen. <\/p>\n\n<h4 class=\"wp-block-heading\">Var kan jag anm\u00e4la en kr\u00e4nkning av mina r\u00e4ttigheter?<\/h4>\n\n<p>Om du anser att dina integritetsr\u00e4ttigheter har kr\u00e4nkts kan du l\u00e4mna in ett klagom\u00e5l till den statliga dataskyddsinspektionen p\u00e5 L. Sapiegos g. 17, 10312 Vilnius. <\/p>\n\n<p>Tel: (8 5) 271 2804, 279 1445<\/p>\n\n<p>Fax: (8 5) 261 9494<\/p>\n\n<p>E-post: <a href=\"mailto:ada@ada.lt\">ada@ada.lt<\/a><\/p>\n","protected":false},"excerpt":{"rendered":"<p>Vilken information samlar vi in om dig och varf\u00f6r anv\u00e4nder vi den? Denna integritetspolicy f\u00f6rklarar vilken information vi samlar in om dig n\u00e4r du bes\u00f6ker denna webbutik, hur vi anv\u00e4nder denna information, hur l\u00e4nge vi lagrar den och till vem vi kan l\u00e4mna ut den. Den inneh\u00e5ller ocks\u00e5 viktig information om dina r\u00e4ttigheter n\u00e4r det [&hellip;]<\/p>\n","protected":false},"author":1,"featured_media":0,"parent":0,"menu_order":0,"comment_status":"closed","ping_status":"open","template":"","meta":{"footnotes":""},"class_list":["post-23572","page","type-page","status-publish","hentry"],"_links":{"self":[{"href":"https:\/\/filtri.fi\/sv\/wp-json\/wp\/v2\/pages\/23572","targetHints":{"allow":["GET"]}}],"collection":[{"href":"https:\/\/filtri.fi\/sv\/wp-json\/wp\/v2\/pages"}],"about":[{"href":"https:\/\/filtri.fi\/sv\/wp-json\/wp\/v2\/types\/page"}],"author":[{"embeddable":true,"href":"https:\/\/filtri.fi\/sv\/wp-json\/wp\/v2\/users\/1"}],"replies":[{"embeddable":true,"href":"https:\/\/filtri.fi\/sv\/wp-json\/wp\/v2\/comments?post=23572"}],"version-history":[{"count":1,"href":"https:\/\/filtri.fi\/sv\/wp-json\/wp\/v2\/pages\/23572\/revisions"}],"predecessor-version":[{"id":23575,"href":"https:\/\/filtri.fi\/sv\/wp-json\/wp\/v2\/pages\/23572\/revisions\/23575"}],"wp:attachment":[{"href":"https:\/\/filtri.fi\/sv\/wp-json\/wp\/v2\/media?parent=23572"}],"curies":[{"name":"wp","href":"https:\/\/api.w.org\/{rel}","templated":true}]}}